{"id":18971,"date":"2025-03-17T12:30:08","date_gmt":"2025-03-17T12:30:08","guid":{"rendered":"https:\/\/primariachitila.ro\/new\/?page_id=18971"},"modified":"2025-03-18T11:12:10","modified_gmt":"2025-03-18T11:12:10","slug":"audiente","status":"publish","type":"page","link":"https:\/\/primariachitila.ro\/new\/audiente\/","title":{"rendered":"AUDIEN\u021aE"},"content":{"rendered":"\t\t<div data-elementor-type=\"wp-page\" data-elementor-id=\"18971\" class=\"elementor elementor-18971\">\n\t\t\t\t<div class=\"elementor-element elementor-element-8ac7e93 e-flex e-con-boxed e-con e-parent\" data-id=\"8ac7e93\" data-element_type=\"container\" data-e-type=\"container\">\n\t\t\t\t\t<div class=\"e-con-inner\">\n\t\t\t\t<div class=\"elementor-element elementor-element-31cf879 elementor-widget elementor-widget-text-editor\" data-id=\"31cf879\" data-element_type=\"widget\" data-e-type=\"widget\" data-widget_type=\"text-editor.default\">\n\t\t\t\t<div class=\"elementor-widget-container\">\n\t\t\t\t\t\t\t\t\t<p style=\"font-weight: 400;\"><u><b><strong>Program de audien\u021be<\/strong><\/b><\/u><\/p><p style=\"font-weight: 400;\">Primar, \u00een zilele de mar\u021bi, \u00eentre orele 10.00-13.00<\/p><p style=\"font-weight: 400;\">Viceprimar, \u00een zilele de miercuri, \u00eentre orele 10.00-13.00<\/p><p style=\"font-weight: 400;\">Secretar General, \u00een zilele de joi, \u00eentre orele 10.00-13.00<\/p><p style=\"font-weight: 400;\">\u00a0<\/p><p style=\"font-weight: 400;\">Cet\u0103\u0163enii care solicit\u0103 audien\u0163\u0103 la conducerea Prim\u0103riei Chitila, o pot face transmi\u021b\u00e2nd \u00een format electronic pe adresa de e-mail:\u00a0<a href=\"mailto:primar@primariachitila.ro\">primar@primariachitila.ro<\/a>\u00a0sau pe suport h\u00e2rtie la sediul Prim\u0103riei Chitila din str. Ion Olteanu, nr. 6, Compartimentul Registratur\u0103, o cerere din care s\u0103 rezulte problema pentru care solicit\u0103 audien\u0163\u0103 \u015fi datele de identificare \u2013 nume \u015fi prenume, nr. de telefon \u015fi adres\u0103 de domiciliu sau adresa de e-mail.<\/p>\t\t\t\t\t\t\t\t<\/div>\n\t\t\t\t<\/div>\n\t\t\t\t\t<\/div>\n\t\t\t\t<\/div>\n\t\t<div class=\"elementor-element elementor-element-ea0081f e-flex e-con-boxed e-con e-parent\" data-id=\"ea0081f\" data-element_type=\"container\" data-e-type=\"container\">\n\t\t\t\t\t<div class=\"e-con-inner\">\n\t\t\t\t<div class=\"elementor-element elementor-element-a4b7bcd elementor-align-center elementor-widget elementor-widget-button\" data-id=\"a4b7bcd\" data-element_type=\"widget\" data-e-type=\"widget\" data-widget_type=\"button.default\">\n\t\t\t\t<div class=\"elementor-widget-container\">\n\t\t\t\t\t\t\t\t\t<div class=\"elementor-button-wrapper\">\n\t\t\t\t\t<a class=\"elementor-button elementor-button-link elementor-size-sm\" href=\"https:\/\/chitila.cityon.ro\/Programari\/Creeaza\">\n\t\t\t\t\t\t<span class=\"elementor-button-content-wrapper\">\n\t\t\t\t\t\t\t\t\t<span class=\"elementor-button-text\">COMPLETEAZ\u0102 CERERE ONLINE <\/span>\n\t\t\t\t\t<\/span>\n\t\t\t\t\t<\/a>\n\t\t\t\t<\/div>\n\t\t\t\t\t\t\t\t<\/div>\n\t\t\t\t<\/div>\n\t\t\t\t\t<\/div>\n\t\t\t\t<\/div>\n\t\t\t\t<\/div>\n\t\t","protected":false},"excerpt":{"rendered":"<p>Program de audien\u021be Primar, \u00een zilele de mar\u021bi, \u00eentre orele 10.00-13.00 Viceprimar, \u00een zilele de miercuri, \u00eentre orele 10.00-13.00 Secretar General, \u00een zilele de joi, \u00eentre orele 10.00-13.00 \u00a0 Cet\u0103\u0163enii care solicit\u0103 audien\u0163\u0103 la conducerea Prim\u0103riei Chitila, o pot face transmi\u021b\u00e2nd \u00een format electronic pe adresa de e-mail:\u00a0primar@primariachitila.ro\u00a0sau pe suport h\u00e2rtie la sediul Prim\u0103riei Chitila [&hellip;]<\/p>\n","protected":false},"author":6,"featured_media":0,"parent":0,"menu_order":0,"comment_status":"closed","ping_status":"closed","template":"","meta":{"footnotes":""},"class_list":["post-18971","page","type-page","status-publish","hentry"],"_links":{"self":[{"href":"https:\/\/primariachitila.ro\/new\/wp-json\/wp\/v2\/pages\/18971","targetHints":{"allow":["GET"]}}],"collection":[{"href":"https:\/\/primariachitila.ro\/new\/wp-json\/wp\/v2\/pages"}],"about":[{"href":"https:\/\/primariachitila.ro\/new\/wp-json\/wp\/v2\/types\/page"}],"author":[{"embeddable":true,"href":"https:\/\/primariachitila.ro\/new\/wp-json\/wp\/v2\/users\/6"}],"replies":[{"embeddable":true,"href":"https:\/\/primariachitila.ro\/new\/wp-json\/wp\/v2\/comments?post=18971"}],"version-history":[{"count":4,"href":"https:\/\/primariachitila.ro\/new\/wp-json\/wp\/v2\/pages\/18971\/revisions"}],"predecessor-version":[{"id":19423,"href":"https:\/\/primariachitila.ro\/new\/wp-json\/wp\/v2\/pages\/18971\/revisions\/19423"}],"wp:attachment":[{"href":"https:\/\/primariachitila.ro\/new\/wp-json\/wp\/v2\/media?parent=18971"}],"curies":[{"name":"wp","href":"https:\/\/api.w.org\/{rel}","templated":true}]}}