{"id":19114,"date":"2025-03-18T07:32:28","date_gmt":"2025-03-18T07:32:28","guid":{"rendered":"https:\/\/primariachitila.ro\/new\/?page_id=19114"},"modified":"2025-03-18T10:44:51","modified_gmt":"2025-03-18T10:44:51","slug":"viceprimar","status":"publish","type":"page","link":"https:\/\/primariachitila.ro\/new\/viceprimar\/","title":{"rendered":"VICEPRIMAR"},"content":{"rendered":"\t\t<div data-elementor-type=\"wp-page\" data-elementor-id=\"19114\" class=\"elementor elementor-19114\">\n\t\t\t\t<div class=\"elementor-element elementor-element-9331517 e-grid e-con-boxed e-con e-parent\" data-id=\"9331517\" data-element_type=\"container\" data-e-type=\"container\">\n\t\t\t\t\t<div class=\"e-con-inner\">\n\t\t\t\t<div class=\"elementor-element elementor-element-a566a2b elementor-widget elementor-widget-text-editor\" data-id=\"a566a2b\" data-element_type=\"widget\" data-e-type=\"widget\" data-widget_type=\"text-editor.default\">\n\t\t\t\t<div class=\"elementor-widget-container\">\n\t\t\t\t\t\t\t\t\t<h3 class=\"text-uppercase\">Viceprimar<\/h3><h4 class=\"text-secondary\">Costel Andrei<\/h4><p class=\"mb-0\">Email:\u00a0<a href=\"mailto:primar@primariachitila.ro\">primar@primariachitila.ro<\/a><\/p>\t\t\t\t\t\t\t\t<\/div>\n\t\t\t\t<\/div>\n\t\t\t\t<div class=\"elementor-element elementor-element-875c044 elementor-widget elementor-widget-image\" data-id=\"875c044\" data-element_type=\"widget\" data-e-type=\"widget\" data-widget_type=\"image.default\">\n\t\t\t\t<div class=\"elementor-widget-container\">\n\t\t\t\t\t\t\t\t\t\t\t\t\t\t\t<img decoding=\"async\" width=\"150\" height=\"150\" src=\"https:\/\/primariachitila.ro\/new\/wp-content\/uploads\/2025\/03\/poza-vice-01-1-150x150.png\" class=\"attachment-thumbnail size-thumbnail wp-image-19068\" alt=\"\" srcset=\"https:\/\/primariachitila.ro\/new\/wp-content\/uploads\/2025\/03\/poza-vice-01-1-150x150.png 150w, https:\/\/primariachitila.ro\/new\/wp-content\/uploads\/2025\/03\/poza-vice-01-1-300x300.png 300w, https:\/\/primariachitila.ro\/new\/wp-content\/uploads\/2025\/03\/poza-vice-01-1-1024x1024.png 1024w, https:\/\/primariachitila.ro\/new\/wp-content\/uploads\/2025\/03\/poza-vice-01-1-768x768.png 768w, https:\/\/primariachitila.ro\/new\/wp-content\/uploads\/2025\/03\/poza-vice-01-1-1536x1536.png 1536w, https:\/\/primariachitila.ro\/new\/wp-content\/uploads\/2025\/03\/poza-vice-01-1-2048x2048.png 2048w, https:\/\/primariachitila.ro\/new\/wp-content\/uploads\/2025\/03\/poza-vice-01-1-600x600.png 600w\" sizes=\"(max-width: 150px) 100vw, 150px\" \/>\t\t\t\t\t\t\t\t\t\t\t\t\t\t\t<\/div>\n\t\t\t\t<\/div>\n\t\t\t\t\t<\/div>\n\t\t\t\t<\/div>\n\t\t<div class=\"elementor-element elementor-element-311f6c1 e-flex e-con-boxed e-con e-parent\" data-id=\"311f6c1\" data-element_type=\"container\" data-e-type=\"container\">\n\t\t\t\t\t<div class=\"e-con-inner\">\n\t\t\t\t<div class=\"elementor-element elementor-element-1ea5798 elementor-widget-divider--view-line elementor-widget elementor-widget-divider\" data-id=\"1ea5798\" data-element_type=\"widget\" data-e-type=\"widget\" data-widget_type=\"divider.default\">\n\t\t\t\t<div class=\"elementor-widget-container\">\n\t\t\t\t\t\t\t<div class=\"elementor-divider\">\n\t\t\t<span class=\"elementor-divider-separator\">\n\t\t\t\t\t\t<\/span>\n\t\t<\/div>\n\t\t\t\t\t\t<\/div>\n\t\t\t\t<\/div>\n\t\t\t\t\t<\/div>\n\t\t\t\t<\/div>\n\t\t<div class=\"elementor-element elementor-element-dbedf1e e-grid e-con-boxed e-con e-parent\" data-id=\"dbedf1e\" data-element_type=\"container\" data-e-type=\"container\">\n\t\t\t\t\t<div class=\"e-con-inner\">\n\t\t\t\t<div class=\"elementor-element elementor-element-7603faf elementor-widget elementor-widget-text-editor\" data-id=\"7603faf\" data-element_type=\"widget\" data-e-type=\"widget\" data-widget_type=\"text-editor.default\">\n\t\t\t\t<div class=\"elementor-widget-container\">\n\t\t\t\t\t\t\t\t\t<p class=\"lead mb-0\">Prezentare<\/p><hr \/><div class=\"row&quot;\"><div class=\"col-xl-12\"><label><strong>Data na\u0219terii:<\/strong><\/label>\u00a0\u00a013.03.1975<\/div><div class=\"col-xl-12\"><label><strong>Starea civil\u0103:<\/strong><\/label>\u00a0\u00a0C\u0103s\u0103torit, 2 copii<\/div><div class=\"col-xl-12\"><label><strong>Domiciliul actual:<\/strong><\/label>\u00a0\u00a0Chitila<\/div><\/div><div class=\"row\"><div class=\"col-xl-12\"><label><strong>Studii:<\/strong><\/label>\u00a0\u00a0<\/div><div class=\"col-xl-12\"><label><strong>1996:<\/strong><\/label>\u00a0\u00a0Academia Na\u0163ional\u0103 de Educa\u0163ie Fizic\u0103 \u015fi Sport<\/div><div class=\"col-xl-12\"><label><strong>\u00a0<\/strong><\/label>\u00a0\u00a0 \u00a0 \u00a0 \u00a0 \u00a0 \u00a0<span class=\"no-label\">Colegiul Universitar Academia Na\u0163ional\u0103 de Educa\u0163ie Fizic\u0103 \u015fi Sport Bucure\u015fti<\/span><\/div><div class=\"col-xl-12\"><label><strong>1993:<\/strong><\/label>\u00a0\u00a0Liceul Industrial nr. 12 Bucure\u0219ti<\/div><\/div><div class=\"row\"><div class=\"col-xl-12\"><label><strong>Experien\u021ba profesional\u0103:<\/strong><\/label>\u00a0\u00a0<\/div><div class=\"col-xl-12\"><label><strong>2012 \u2013 prezent:<\/strong><\/label>\u00a0\u00a0Prim\u0103ria Chitila \u2013 viceprimar al Ora\u0219ului Chitila<\/div><div class=\"col-xl-12\"><label><strong>2008 \u2013 2012:<\/strong><\/label>\u00a0\u00a0Prim\u0103ria Chitila \u2013 inspector de specialitate \u2013 Cabinet primar<\/div><div class=\"col-xl-12\"><label><strong>2004 \u2013 prezent:<\/strong><\/label>\u00a0\u00a0Consiliul Local Chitila \u2013 Consilier local<\/div><div class=\"col-xl-12\"><label><strong>1996 \u2013 2008:<\/strong><\/label>\u00a0\u00a0\u0218coala Gimnazial\u0103 \u201cProf. Ion Vi\u0219oiu\u201d Chitila \u2013 Profesor de educa\u0163ie fizic\u0103<\/div><\/div>\t\t\t\t\t\t\t\t<\/div>\n\t\t\t\t<\/div>\n\t\t\t\t<div class=\"elementor-element elementor-element-7b0bf83 elementor-widget elementor-widget-text-editor\" data-id=\"7b0bf83\" data-element_type=\"widget\" data-e-type=\"widget\" data-widget_type=\"text-editor.default\">\n\t\t\t\t<div class=\"elementor-widget-container\">\n\t\t\t\t\t\t\t\t\t<p class=\"lead mb-0\">Rolul, Numirea \u015fi Eliberarea din Func\u0163ie a Viceprimarului<\/p><hr \/><p><span lang=\"RO\" xml:lang=\"RO\">\u00a0\u00a0\u00a0 (1)\u00a0 Viceprimarul este subordonat primarului \u015fi, \u00een situa\u0163iile prev\u0103zute de lege, \u00eenlocuitorul de drept al acestuia, situa\u0163ie \u00een care exercit\u0103, \u00een numele primarului, atribu\u0163iile ce \u00eei revin acestuia. Primarul poate delega o parte din atribu\u0163iile sale viceprimarului.<\/span><\/p><p><span lang=\"RO\" xml:lang=\"RO\">\u00a0\u00a0\u00a0 (2)\u00a0 Viceprimarul este ales, prin vot secret, cu majoritate absolut\u0103, din r\u00e2ndul membrilor consiliului local, la propunerea primarului sau a consilierilor locali.<\/span><\/p><p><span lang=\"RO\" xml:lang=\"RO\">\u00a0\u00a0\u00a0 (3)\u00a0 Exercitarea votului se face pe baz\u0103 de buletine de vot. Alegerea viceprimarului se realizeaz\u0103 prin hot\u0103r\u00e2re a consiliului local.<\/span><\/p><p><span lang=\"RO\" xml:lang=\"RO\">\u00a0\u00a0\u00a0 (4)\u00a0 \u00cen situa\u0163ia \u00een care se aleg doi viceprimari, sunt declara\u0163i ale\u015fi candida\u0163ii care au ob\u0163inut votul majorit\u0103\u0163ii absolute. \u00cen aceast\u0103 situa\u0163ie, consiliul local desemneaz\u0103, prin hot\u0103r\u00e2re, care dintre cei doi viceprimari exercit\u0103 primul calitatea de \u00eenlocuitor de drept al primarului.<\/span><\/p><p><span lang=\"RO\" xml:lang=\"RO\">\u00a0\u00a0\u00a0 (5)\u00a0 Eliberarea din func\u0163ie a viceprimarului se poate face de consiliul local, prin hot\u0103r\u00e2re adoptat\u0103, prin vot secret, cu majoritatea a dou\u0103 treimi din num\u0103rul consilierilor \u00een func\u0163ie, la propunerea temeinic motivat\u0103 a primarului sau a unei treimi din num\u0103rul consilierilor locali \u00een func\u0163ie. Eliberarea din func\u0163ie a viceprimarului nu se poate face \u00een ultimele 6 luni ale mandatului consiliului local.<\/span><\/p><p><span lang=\"RO\" xml:lang=\"RO\">\u00a0\u00a0\u00a0 (6)\u00a0 La deliberarea \u015fi adoptarea hot\u0103r\u00e2rilor care privesc alegerea sau eliberarea din func\u0163ie a viceprimarului particip\u0103 \u015fi voteaz\u0103 consilierul local care candideaz\u0103 la func\u0163ia de viceprimar, respectiv viceprimarul \u00een func\u0163ie a c\u0103rui schimbare se propune.<\/span><\/p><p><span lang=\"RO\" xml:lang=\"RO\">\u00a0\u00a0\u00a0 (7)\u00a0 Pe durata exercit\u0103rii mandatului, viceprimarul \u00ee\u015fi p\u0103streaz\u0103 statutul de consilier local, f\u0103r\u0103 a beneficia de indemniza\u0163ia aferent\u0103 acestui statut, fiindu-i aplicabile incompatibilit\u0103\u0163ile specifice func\u0163iei de viceprimar prev\u0103zute de\u00a0<u>cartea I titlul IV din Legea nr. 161\/2003<\/u>, cu modific\u0103rile \u015fi complet\u0103rile ulterioare.<\/span><\/p><p><span lang=\"RO\" xml:lang=\"RO\">\u00a0\u00a0\u00a0 (8)\u00a0 Durata mandatului viceprimarului este egal\u0103 cu durata mandatului consiliului local. \u00cen cazul \u00een care mandatul consiliului local \u00eenceteaz\u0103 sau \u00eenceteaz\u0103 calitatea de consilier local, \u00eenainte de expirarea duratei normale de 4 ani, \u00eenceteaz\u0103 de drept \u015fi mandatul viceprimarului, f\u0103r\u0103 vreo alt\u0103 formalitate.<\/span><\/p>\t\t\t\t\t\t\t\t<\/div>\n\t\t\t\t<\/div>\n\t\t\t\t\t<\/div>\n\t\t\t\t<\/div>\n\t\t\t\t<\/div>\n\t\t","protected":false},"excerpt":{"rendered":"<p>Viceprimar Costel Andrei Email:\u00a0primar@primariachitila.ro Prezentare Data na\u0219terii:\u00a0\u00a013.03.1975Starea civil\u0103:\u00a0\u00a0C\u0103s\u0103torit, 2 copiiDomiciliul actual:\u00a0\u00a0ChitilaStudii:\u00a0\u00a01996:\u00a0\u00a0Academia Na\u0163ional\u0103 de Educa\u0163ie Fizic\u0103 \u015fi Sport\u00a0\u00a0\u00a0 \u00a0 \u00a0 \u00a0 \u00a0 \u00a0Colegiul Universitar Academia Na\u0163ional\u0103 de Educa\u0163ie Fizic\u0103 \u015fi Sport Bucure\u015fti1993:\u00a0\u00a0Liceul Industrial nr. 12 Bucure\u0219tiExperien\u021ba profesional\u0103:\u00a0\u00a02012 \u2013 prezent:\u00a0\u00a0Prim\u0103ria Chitila \u2013 viceprimar al Ora\u0219ului Chitila2008 \u2013 2012:\u00a0\u00a0Prim\u0103ria Chitila \u2013 inspector de specialitate \u2013 Cabinet primar2004 \u2013 [&hellip;]<\/p>\n","protected":false},"author":6,"featured_media":0,"parent":0,"menu_order":0,"comment_status":"closed","ping_status":"closed","template":"","meta":{"footnotes":""},"class_list":["post-19114","page","type-page","status-publish","hentry"],"_links":{"self":[{"href":"https:\/\/primariachitila.ro\/new\/wp-json\/wp\/v2\/pages\/19114","targetHints":{"allow":["GET"]}}],"collection":[{"href":"https:\/\/primariachitila.ro\/new\/wp-json\/wp\/v2\/pages"}],"about":[{"href":"https:\/\/primariachitila.ro\/new\/wp-json\/wp\/v2\/types\/page"}],"author":[{"embeddable":true,"href":"https:\/\/primariachitila.ro\/new\/wp-json\/wp\/v2\/users\/6"}],"replies":[{"embeddable":true,"href":"https:\/\/primariachitila.ro\/new\/wp-json\/wp\/v2\/comments?post=19114"}],"version-history":[{"count":4,"href":"https:\/\/primariachitila.ro\/new\/wp-json\/wp\/v2\/pages\/19114\/revisions"}],"predecessor-version":[{"id":19352,"href":"https:\/\/primariachitila.ro\/new\/wp-json\/wp\/v2\/pages\/19114\/revisions\/19352"}],"wp:attachment":[{"href":"https:\/\/primariachitila.ro\/new\/wp-json\/wp\/v2\/media?parent=19114"}],"curies":[{"name":"wp","href":"https:\/\/api.w.org\/{rel}","templated":true}]}}