{"id":19205,"date":"2025-03-18T07:54:15","date_gmt":"2025-03-18T07:54:15","guid":{"rendered":"https:\/\/primariachitila.ro\/new\/?page_id=19205"},"modified":"2025-03-20T06:55:51","modified_gmt":"2025-03-20T06:55:51","slug":"activitati-culturale","status":"publish","type":"page","link":"https:\/\/primariachitila.ro\/new\/activitati-culturale\/","title":{"rendered":"ACTIVIT\u0102\u021aI CULTURALE"},"content":{"rendered":"\t\t<div data-elementor-type=\"wp-page\" data-elementor-id=\"19205\" class=\"elementor elementor-19205\">\n\t\t\t\t<div class=\"elementor-element elementor-element-e66db99 e-flex e-con-boxed e-con e-parent\" data-id=\"e66db99\" data-element_type=\"container\" data-e-type=\"container\">\n\t\t\t\t\t<div class=\"e-con-inner\">\n\t\t\t\t<div class=\"elementor-element elementor-element-81a6733 elementor-widget elementor-widget-text-editor\" data-id=\"81a6733\" data-element_type=\"widget\" data-e-type=\"widget\" data-widget_type=\"text-editor.default\">\n\t\t\t\t<div class=\"elementor-widget-container\">\n\t\t\t\t\t\t\t\t\t<p class=\"text-align-justify\">Ora\u0219ul Chitila a g\u0103zduit &#8222;Tab\u0103ra de sculptur\u0103&#8221;, un proiect cultural realizat de c\u0103tre Prim\u0103ria Chitila cu sprijinul Consiliului Jude\u021bean Ilfov. Acesta a avut loc \u00een octombrie 2021, la stadionul din localitate, unde arti\u0219ti consacra\u021bi au realizat crea\u021bii pe care le pute\u021bi vedea \u00een localitate.<\/p><p class=\"text-align-justify\">\u00a0 \u00a0 \u00a0 Marmura a prins via\u021b\u0103 \u00een m\u00e2inile celor cinci mae\u0219trii sculptori, to\u021bi membri ai Uniunii Arti\u0219tilor Plastici din Rom\u00e2nia, care timp de trei s\u0103pt\u0103m\u00e2ni \u0219i-au ar\u0103tat talentul \u00een domeniul lor.<\/p><p class=\"text-align-justify\">\u00a0 \u00a0 \u00a0 Ace\u0219tia au fost Cristian Pentelescu, Panaite Chifu, Carmen Tep\u0219an, Adrian Curcan \u0219i Corneliu Tache, cinci oameni speciali care au dat via\u021b\u0103 blocurilor de marmur\u0103 prin lucr\u0103ri care, ulterior, au \u00eensufle\u021bit \u0219i au \u00eenfrumuse\u021bat ora\u0219ul.<\/p><p>\u00a0 \u00a0\u00a0<strong>\u00a0 Cristian Pentelescu (61 de ani) &#8211; &#8222;<em>Coloana<\/em>&#8222;<\/strong><\/p><p>\u00a0 \u00a0 \u00a0 Sculptura mea poart\u0103 numele &#8222;Coloana&#8221;, \u0219i este cu totul altceva. Acas\u0103 \u0219i la atelierul personal am mai multe lucr\u0103ri. Sunt ardelean, din Arad, dar din &#8217;86, de c\u00e2nd am terminat facultatea, m-am mutat \u00een Bucure\u0219ti. Se poate s\u0103 pleci la drum cu o idee \u0219i s\u0103 ias\u0103 altceva, dar mai rar. \u00cens\u0103 m\u0103 \u021bin de ideea ini\u021bial\u0103. Am terminat Facultatea de arte plastice \u00eenainte de Revolu\u021bie, sunt profesor la liceul de arte platice Nicolae Toniza din Bucure\u0219ti de 28 de ani. Am multe lucr\u0103ri. O alt\u0103 pasiune e mi\u0219carea \u00een aer liber. Lucrarea va r\u0103m\u00e2ne proprietatea ora\u0219ului Chitila. Am genera\u021bii de liceu care mi-au urmat pasiunea \u0219i am \u0219i o fat\u0103, care a terminat Toniza, la mine, \u00eens\u0103 nu a mers pe drumul asta&#8221;, ne-a spus maestrul.<\/p><p><img decoding=\"async\" class=\"align-center\" src=\"https:\/\/www.primariachitila.ro\/echitila\/sites\/default\/files\/inline-images\/COLOANA_CRISTIAN%20PENTELESCU_2.JPG\" alt=\"p1\" data-entity-type=\"file\" data-entity-uuid=\"e4d8f897-95d1-43fa-9443-caaca0bacb59\" \/><\/p><p><strong>Panaite Chifu (68 de ani) &#8211; &#8222;<em>Singuri printre nori<\/em>&#8222;<\/strong><\/p><p>\u00a0 \u00a0 \u00a0 Lucrarea mea se nume\u0219te &#8222;Singuri printre nori&#8221;, cum suntem to\u021bi \u00een via\u021b\u0103, a\u0219a cum sunt to\u021bi spectatorii care vor ajunge prin fa\u021ba acestei lucr\u0103ri. Caut s\u0103 simbolizez spiritul descarnat, l-am simbolizat altfel. Sunt din Sili\u0219tea Gume\u0219ti a lui Marin Preda, \u00een Bucure\u0219ti am venit din vremea liceului. Aveam 2 ani c\u00e2nd am \u00eenceput s\u0103 m\u00e2zg\u0103lesc \u0219i nu m-am mai oprit. Ai mei voiau s\u0103 m\u0103 fac\u0103 doctor. Am fost profesor, am copii care mi-au trecut prin m\u00e2n\u0103. Am dou\u0103 fete talentate, eu \u0219i so\u021bia mea am avut dublu talent pentru muzic\u0103 \u0219i art\u0103. Am p\u00e2n\u0103 acum 50 de lucr\u0103ri \u00een marmur\u0103 \u00een Rom\u00e2nia, am \u00een Mexic, Fran\u021ba, Spania, Portugalia, Germania, Italia, China, Japonia, Coreea. Am f\u0103cut mai multe, de exemplu, \u00een Taiwan. Sculpturile sunt ca \u0219i copiii mei. Acas\u0103 am c\u00e2teva, nu pot tr\u0103i \u00eentr-un mediu f\u0103r\u0103 art\u0103. Dar e munc\u0103 de sclav, nu e o munc\u0103 brutal\u0103, este contiuu\u0103, fizic \u0219i sentimental&#8221;.<\/p><p><img decoding=\"async\" class=\"align-center\" src=\"https:\/\/www.primariachitila.ro\/echitila\/sites\/default\/files\/inline-images\/SINGUR%20PRINTRE%20NORI_PANAITE%20CHIFU_0.JPG\" alt=\"p2\" data-entity-type=\"file\" data-entity-uuid=\"b9c25e2e-a2c3-44a3-a72d-eb6561c1946e\" \/><\/p><p>\u00a0 \u00a0<strong>\u00a0\u00a0 Carmen Tep\u0219an (62 de ani) &#8211; &#8222;<em>Protector<\/em><\/strong>&#8222;<\/p><p>\u00a0 \u00a0 \u00a0 &#8222;De 40 de ani fac aceast\u0103 meserie \u0219i lucrarea mea se nume\u0219te &#8222;Protector&#8221;. Ideea am pornit-o uit\u00e2ndu-m\u0103 la harta locului, am v\u0103zut salba aceea de lacuri de aici \u0219i am f\u0103cut o combina\u021bie de unghiuri drepte \u0219i p\u0103r\u021bi moi. Am vreo 40 de lucr\u0103ri \u00een toat\u0103 lumea, Argentina, Mexic, Guatemala, Germania, Fran\u021ba, Italia, Ungaria, Egipt, Coreea de Sud \u0219i sunt l\u0103sate acolo. Pasiunea asta o am din \u0219coala general\u0103, pentru c\u0103 voiam s\u0103 fac art\u0103 \u0219i c\u00e2nd am ajuns la liceu am vrut s\u0103 fac sculptur\u0103, modelaj \u00een lut. \u00cen clasa a 9-a am avut ora de atelier \u0219i ne-a \u00eenv\u0103\u021bat domnul profesor s\u0103 cioplim \u0219i am zis, &#8222;asta e ce vreau s\u0103 fac&#8221;. Folosim \u00eentotdeauna ap\u0103r\u0103tori pentru fa\u021b\u0103, suntem pruden\u021bi. Lucrarea va r\u0103m\u00e2ne aici, mai dau o fug\u0103 s\u0103 o v\u0103d. Nu am copii, scuplturile sunt copiii mei. Locuiesc \u00een Bucure\u0219ti \u0219i sunt profesoar\u0103 la liceul de arte plastice. Alte pasiuni &#8211; iubesc muntele, drume\u021biile, tot piatr\u0103 p\u00een\u0103 la urm\u0103&#8221;.<\/p><p><img decoding=\"async\" class=\"align-center\" src=\"https:\/\/www.primariachitila.ro\/echitila\/sites\/default\/files\/inline-images\/PROTECTOR_CARMEN%20TEPSAN_0.JPG\" alt=\"p3\" data-entity-type=\"file\" data-entity-uuid=\"e36a43cd-4277-425c-9db5-14936ca0dede\" \/><\/p><p>\u00a0 \u00a0 \u00a0\u00a0<strong>Adrian Curcan (70 de ani) &#8211; &#8222;<em>Poart\u0103 Universului<\/em>&#8222;<\/strong><\/p><p>\u00a0 \u00a0 \u00a0 Lucrarea mea se nume\u0219te &#8222;Poart\u0103 Universului&#8221;, e vorba de energie &#8211; soare \u0219i materie. Am peste 14 lucr\u0103ri \u00een portofoliu, la Pite\u0219ti, Oarba de Mure\u0219, \u00een lume, prin Italia. Sunt din Bucure\u0219ti, fost profesor de arte, la pensie, dar activ. Pasiunea pentru sculptur\u0103 este din liceu, din clasa a 12-a, am dat la Cluj, la sculptur\u0103, de\u0219i eu sunt de l\u00e2ng\u0103 Ia\u0219i. Dac\u0103 nu ai o tem\u0103 clar\u0103 po\u021bi \u00eencepe de la o idee \u0219i s\u0103 ajungi la alta. Este bine s\u0103 ai un dialog cu piatra, cu materialul, s\u0103 pui \u00een eviden\u021b\u0103 valoarea materialului, \u00een cazul nostru mamura. Dar aici am avut conceptul clar. Orice lucrare e ca un copil \u0219i \u021bin la ele, \u00ee\u021bi e dor de ele, s\u0103 le vezi, dar \u0219tii c\u0103 sunt undeva \u0219i stau bine acolo. Lucrez cu dou\u0103 universit\u0103\u021bi, predau online. Am avut elevi care au dat la faculatate \u0219i am un fiu, e muzician, profesor de pian stabilit \u00een Italia, c\u0103s\u0103torit, am o nepo\u021bic\u0103. Acas\u0103 am atelier de sculptur\u0103, \u00een Bucure\u0219ti, dar nu am multe sculpturi&#8221;.<\/p><p><img decoding=\"async\" class=\"align-center\" src=\"https:\/\/www.primariachitila.ro\/echitila\/sites\/default\/files\/inline-images\/POARTA%20UNIVERSULUI_ADRIAN%20CURCAN_0.JPG\" alt=\"p4\" data-entity-type=\"file\" data-entity-uuid=\"da2e96eb-08f0-4ec1-97c4-1b76d65283e7\" \/><\/p><p>\u00a0 \u00a0 \u00a0<strong>\u00a0Corneliu Tache (75 de ani) &#8222;<em>Cascada Lucia<\/em>&#8222;<\/strong><\/p><p>\u00a0 \u00a0 \u00a0 Sunt pensionar, pasiunea vine din liceu, am f\u0103cut liceul de arte plastice, actualul Nicolae Tonitza, unde am fost \u0219i profesor \u00eenainte de pandemie. Din &#8217;90 sunt \u00een Bucure\u0219ti. Lucrarea se nume\u0219te Cascada Lucia. Am dou\u0103 nepo\u021bele, Anastasia \u0219i Lucia. Am un fiu, Alexandru, de 39 de ani, a terminat sculptur\u0103, lucreaz\u0103 grafic\u0103, face filme. Am fost profesor din &#8217;71, la Ploie\u0219ti, din &#8217;90, \u00een Bucure\u0219ti. Sunt din Capital\u0103. Am avut promo\u021bii bune, c\u00e2\u021biva elevi care s-au \u021binut de treab\u0103. Am fost cam la 26 simpozioane cu tot at\u00e2tea lucr\u0103ri. Alte pasiuni sunt bicicleta \u0219i patinajul&#8221;.<\/p><p><img decoding=\"async\" class=\"align-center\" src=\"https:\/\/www.primariachitila.ro\/echitila\/sites\/default\/files\/inline-images\/cornelui%20tache%20cascada%20lucia_0.jpg\" alt=\"p5\" data-entity-type=\"file\" data-entity-uuid=\"738dc741-562a-481b-8529-9851b9c8ba5c\" \/><\/p>\t\t\t\t\t\t\t\t<\/div>\n\t\t\t\t<\/div>\n\t\t\t\t\t<\/div>\n\t\t\t\t<\/div>\n\t\t\t\t<\/div>\n\t\t","protected":false},"excerpt":{"rendered":"<p>Ora\u0219ul Chitila a g\u0103zduit &#8222;Tab\u0103ra de sculptur\u0103&#8221;, un proiect cultural realizat de c\u0103tre Prim\u0103ria Chitila cu sprijinul Consiliului Jude\u021bean Ilfov. Acesta a avut loc \u00een octombrie 2021, la stadionul din localitate, unde arti\u0219ti consacra\u021bi au realizat crea\u021bii pe care le pute\u021bi vedea \u00een localitate. \u00a0 \u00a0 \u00a0 Marmura a prins via\u021b\u0103 \u00een m\u00e2inile celor cinci [&hellip;]<\/p>\n","protected":false},"author":6,"featured_media":0,"parent":0,"menu_order":0,"comment_status":"closed","ping_status":"closed","template":"","meta":{"footnotes":""},"class_list":["post-19205","page","type-page","status-publish","hentry"],"_links":{"self":[{"href":"https:\/\/primariachitila.ro\/new\/wp-json\/wp\/v2\/pages\/19205","targetHints":{"allow":["GET"]}}],"collection":[{"href":"https:\/\/primariachitila.ro\/new\/wp-json\/wp\/v2\/pages"}],"about":[{"href":"https:\/\/primariachitila.ro\/new\/wp-json\/wp\/v2\/types\/page"}],"author":[{"embeddable":true,"href":"https:\/\/primariachitila.ro\/new\/wp-json\/wp\/v2\/users\/6"}],"replies":[{"embeddable":true,"href":"https:\/\/primariachitila.ro\/new\/wp-json\/wp\/v2\/comments?post=19205"}],"version-history":[{"count":4,"href":"https:\/\/primariachitila.ro\/new\/wp-json\/wp\/v2\/pages\/19205\/revisions"}],"predecessor-version":[{"id":19454,"href":"https:\/\/primariachitila.ro\/new\/wp-json\/wp\/v2\/pages\/19205\/revisions\/19454"}],"wp:attachment":[{"href":"https:\/\/primariachitila.ro\/new\/wp-json\/wp\/v2\/media?parent=19205"}],"curies":[{"name":"wp","href":"https:\/\/api.w.org\/{rel}","templated":true}]}}