{"id":19206,"date":"2025-03-18T07:54:19","date_gmt":"2025-03-18T07:54:19","guid":{"rendered":"https:\/\/primariachitila.ro\/new\/?page_id=19206"},"modified":"2025-11-21T09:13:57","modified_gmt":"2025-11-21T09:13:57","slug":"casa-de-cultura","status":"publish","type":"page","link":"https:\/\/primariachitila.ro\/new\/casa-de-cultura\/","title":{"rendered":"CASA DE CULTUR\u0102"},"content":{"rendered":"\t\t<div data-elementor-type=\"wp-page\" data-elementor-id=\"19206\" class=\"elementor elementor-19206\">\n\t\t\t\t<div class=\"elementor-element elementor-element-5e2b246 e-flex e-con-boxed e-con e-parent\" data-id=\"5e2b246\" data-element_type=\"container\" data-e-type=\"container\">\n\t\t\t\t\t<div class=\"e-con-inner\">\n\t\t\t\t<div class=\"elementor-element elementor-element-49e8769 elementor-widget elementor-widget-image\" data-id=\"49e8769\" data-element_type=\"widget\" data-e-type=\"widget\" data-widget_type=\"image.default\">\n\t\t\t\t<div class=\"elementor-widget-container\">\n\t\t\t\t\t\t\t\t\t\t\t\t\t\t\t<img fetchpriority=\"high\" decoding=\"async\" width=\"550\" height=\"412\" src=\"https:\/\/primariachitila.ro\/new\/wp-content\/uploads\/2025\/11\/3839d65fd0a531c1b48e2431ff54fcde-1.jpg\" class=\"attachment-large size-large wp-image-31698\" alt=\"\" srcset=\"https:\/\/primariachitila.ro\/new\/wp-content\/uploads\/2025\/11\/3839d65fd0a531c1b48e2431ff54fcde-1.jpg 550w, https:\/\/primariachitila.ro\/new\/wp-content\/uploads\/2025\/11\/3839d65fd0a531c1b48e2431ff54fcde-1-300x225.jpg 300w\" sizes=\"(max-width: 550px) 100vw, 550px\" \/>\t\t\t\t\t\t\t\t\t\t\t\t\t\t\t<\/div>\n\t\t\t\t<\/div>\n\t\t\t\t<div class=\"elementor-element elementor-element-63a8e07 elementor-widget elementor-widget-text-editor\" data-id=\"63a8e07\" data-element_type=\"widget\" data-e-type=\"widget\" data-widget_type=\"text-editor.default\">\n\t\t\t\t<div class=\"elementor-widget-container\">\n\t\t\t\t\t\t\t\t\t<h1>Casa de Cultur\u0103 \u201eTudor Arghezi\u201d \u2013 de la tradi\u021bie la regenerare prin Noul Bauhaus European<\/h1><p>Istorie \u0219i tradi\u021biePrimul C\u0103min Cultural din Chitila a fost \u00eenfiin\u021bat \u00een anul 1963, \u00een cl\u0103direa fostului abator de pe malul p\u00e2r\u00e2ului Mangu. Primii s\u0103i directori au fost \u00eenv\u0103\u021b\u0103torii Vasile Popa \u0219i Emilia Vi\u0219oiu. \u00cen ciuda condi\u021biilor modeste, c\u0103minul a devenit un centru de via\u021b\u0103 cultural\u0103, reunind corul cadrelor didactice \u0219i al mamelor de la \u0218coala nr. 185, o forma\u021bie de dansuri a tinerilor din localitate \u0219i un taraf alc\u0103tuit din l\u0103utari ai comunei.<\/p><p>Cu sprijinul comunit\u0103\u021bii, prin contribu\u021bia voluntar\u0103 a locuitorilor, s-a ridicat o nou\u0103 cl\u0103dire \u00een livada C.A.P., inaugurat\u0103 la 23 august 1968, de Ziua Recoltei. Primul director al noului a\u0219ez\u0103m\u00e2nt cultural a fost profesorul Ion Vi\u0219oiu, urmat de al\u021bi directori dedica\u021bi precum Ion Nec\u0219oiu, Ion Anghel, Dumitru Mu\u0219at \u0219i Doini\u021ba Stoica. \u00cen acea perioad\u0103 func\u021bionau patru forma\u021bii artistice \u2013 cor, taraf, brigad\u0103 artistic\u0103 \u0219i dansuri \u2013 care au ob\u021binut numeroase premii la nivelul Capitalei.<\/p><p>De-a lungul anilor, scena C\u0103minului Cultural a g\u0103zduit personalit\u0103\u021bi de renume precum Florin Piersic, Nicu Constantin, Jean Constantin, trupe de teatru \u0219i ansambluri de prestigiu. \u00cen 1996, prin hot\u0103r\u00e2rea Consiliului Local, institu\u021bia a devenit Casa de Cultur\u0103 \u201eTudor Arghezi\u201d, \u00een semn de omagiu pentru poetul care, \u00eentre anii 1897\u20131899, a lucrat ca tehnician la Fabrica de Zah\u0103r din Chitila.<\/p><p>Modernizare \u0219i provoc\u0103ri<br \/>\u00cen perioada 2005\u20132008, Prim\u0103ria Chitila a modernizat cl\u0103direa, extinz\u00e2nd scena, introduc\u00e2nd \u00eenc\u0103lzirea central\u0103, amenaj\u00e2nd parcul din fa\u021b\u0103 \u0219i transform\u00e2nd sala de spectacole \u00eentr-un spa\u021biu de 250 de locuri. Activit\u0103\u021bile s-au diversificat: concerte de muzic\u0103 u\u0219oar\u0103 \u0219i popular\u0103, festivaluri, concursuri \u0219i dezbateri.<\/p><p>Totu\u0219i, schimb\u0103rile legislative \u0219i lipsa fondurilor au dus, dup\u0103 2014, la imposibilitatea adapt\u0103rii cl\u0103dirii la noile norme. Demersurile ini\u021biate prin Compania Na\u021bional\u0103 de Investi\u021bii au fost afectate de crizele interna\u021bionale recente (pandemie \u0219i r\u0103zboiul din Ucraina). \u00cen prezent, cl\u0103direa se afl\u0103 \u00eentr-o stare avansat\u0103 de degradare.<\/p><p>Regenerare prin Noul Bauhaus European<br \/>Prim\u0103ria Chitila are acum ca obiectiv regenerarea Casei de Cultur\u0103 \u201eTudor Arghezi\u201d prin Programul Regional Bucure\u0219ti\u2013Ilfov 2021\u20132027, \u00een cadrul ini\u021biativei New European Bauhaus (NEB). Acest concept european promoveaz\u0103 trei valori fundamentale:<\/p><p>Frumosul \u2013 o arhitectur\u0103 \u0219i un design care inspir\u0103 \u0219i reflect\u0103 identitatea comunit\u0103\u021bii;<\/p><p>Sustenabilitatea \u2013 cl\u0103diri eficiente energetic \u0219i prietenoase cu mediul;<\/p><p>Incluziunea \u2013 acces pentru to\u021bi, indiferent de v\u00e2rst\u0103, categorie social\u0103 sau abilitate.<\/p><p>Proiectul nu va fi doar o reconstruc\u021bie, ci o reinventare a Casei de Cultur\u0103 ca spa\u021biu comunitar modern, \u00een care tradi\u021bia se \u00eembin\u0103 cu inova\u021bia, iar cet\u0103\u021benii devin parte activ\u0103 \u00een procesul de design \u0219i utilizare.<\/p><p>Rolul comunit\u0103\u021bii<br \/>Consultarea public\u0103 joac\u0103 un rol esen\u021bial: ideile, nevoile \u0219i a\u0219tept\u0103rile locuitorilor vor fi integrate \u00een proiect. De la elevi \u0219i tineri p\u00e2n\u0103 la seniori \u0219i grupuri vulnerabile, fiecare cet\u0103\u021bean este invitat s\u0103 participe la modelarea viitoarei Case de Cultur\u0103.<\/p><p>Astfel, Chitila \u00ee\u0219i propune s\u0103 transforme o cl\u0103dire aflat\u0103 ast\u0103zi \u00een ruin\u0103 \u00eentr-un simbol al regener\u0103rii urbane \u0219i al spiritului comunitar, \u00een acord cu valorile Noului Bauhaus European.<\/p>\t\t\t\t\t\t\t\t<\/div>\n\t\t\t\t<\/div>\n\t\t\t\t\t<\/div>\n\t\t\t\t<\/div>\n\t\t<div class=\"elementor-element elementor-element-920a19f e-flex e-con-boxed e-con e-parent\" data-id=\"920a19f\" data-element_type=\"container\" data-e-type=\"container\">\n\t\t\t\t\t<div class=\"e-con-inner\">\n\t\t\t\t<div class=\"elementor-element elementor-element-47c804b elementor-widget elementor-widget-image\" data-id=\"47c804b\" data-element_type=\"widget\" data-e-type=\"widget\" data-widget_type=\"image.default\">\n\t\t\t\t<div class=\"elementor-widget-container\">\n\t\t\t\t\t\t\t\t\t\t\t\t\t\t\t<img decoding=\"async\" width=\"800\" height=\"600\" src=\"https:\/\/primariachitila.ro\/new\/wp-content\/uploads\/2025\/11\/Design-fara-titlu-52-1024x768.png\" class=\"attachment-large size-large wp-image-31716\" alt=\"\" srcset=\"https:\/\/primariachitila.ro\/new\/wp-content\/uploads\/2025\/11\/Design-fara-titlu-52-1024x768.png 1024w, https:\/\/primariachitila.ro\/new\/wp-content\/uploads\/2025\/11\/Design-fara-titlu-52-300x225.png 300w, https:\/\/primariachitila.ro\/new\/wp-content\/uploads\/2025\/11\/Design-fara-titlu-52-768x576.png 768w, https:\/\/primariachitila.ro\/new\/wp-content\/uploads\/2025\/11\/Design-fara-titlu-52-1536x1152.png 1536w, https:\/\/primariachitila.ro\/new\/wp-content\/uploads\/2025\/11\/Design-fara-titlu-52-600x450.png 600w, https:\/\/primariachitila.ro\/new\/wp-content\/uploads\/2025\/11\/Design-fara-titlu-52.png 2048w\" sizes=\"(max-width: 800px) 100vw, 800px\" \/>\t\t\t\t\t\t\t\t\t\t\t\t\t\t\t<\/div>\n\t\t\t\t<\/div>\n\t\t\t\t\t<\/div>\n\t\t\t\t<\/div>\n\t\t\t\t<\/div>\n\t\t","protected":false},"excerpt":{"rendered":"<p>Casa de Cultur\u0103 \u201eTudor Arghezi\u201d \u2013 de la tradi\u021bie la regenerare prin Noul Bauhaus European Istorie \u0219i tradi\u021biePrimul C\u0103min Cultural din Chitila a fost \u00eenfiin\u021bat \u00een anul 1963, \u00een cl\u0103direa fostului abator de pe malul p\u00e2r\u00e2ului Mangu. Primii s\u0103i directori au fost \u00eenv\u0103\u021b\u0103torii Vasile Popa \u0219i Emilia Vi\u0219oiu. \u00cen ciuda condi\u021biilor modeste, c\u0103minul a devenit [&hellip;]<\/p>\n","protected":false},"author":6,"featured_media":0,"parent":0,"menu_order":0,"comment_status":"closed","ping_status":"closed","template":"","meta":{"footnotes":""},"class_list":["post-19206","page","type-page","status-publish","hentry"],"_links":{"self":[{"href":"https:\/\/primariachitila.ro\/new\/wp-json\/wp\/v2\/pages\/19206","targetHints":{"allow":["GET"]}}],"collection":[{"href":"https:\/\/primariachitila.ro\/new\/wp-json\/wp\/v2\/pages"}],"about":[{"href":"https:\/\/primariachitila.ro\/new\/wp-json\/wp\/v2\/types\/page"}],"author":[{"embeddable":true,"href":"https:\/\/primariachitila.ro\/new\/wp-json\/wp\/v2\/users\/6"}],"replies":[{"embeddable":true,"href":"https:\/\/primariachitila.ro\/new\/wp-json\/wp\/v2\/comments?post=19206"}],"version-history":[{"count":13,"href":"https:\/\/primariachitila.ro\/new\/wp-json\/wp\/v2\/pages\/19206\/revisions"}],"predecessor-version":[{"id":31719,"href":"https:\/\/primariachitila.ro\/new\/wp-json\/wp\/v2\/pages\/19206\/revisions\/31719"}],"wp:attachment":[{"href":"https:\/\/primariachitila.ro\/new\/wp-json\/wp\/v2\/media?parent=19206"}],"curies":[{"name":"wp","href":"https:\/\/api.w.org\/{rel}","templated":true}]}}